{"id":1116,"date":"2025-09-30T09:51:58","date_gmt":"2025-09-30T07:51:58","guid":{"rendered":"https:\/\/fika.paris\/integritetspolicy\/"},"modified":"2026-01-21T11:27:47","modified_gmt":"2026-01-21T10:27:47","slug":"integritetspolicy","status":"publish","type":"page","link":"https:\/\/fika.paris\/sv\/integritetspolicy\/","title":{"rendered":"Integritetspolicy"},"content":{"rendered":"\n<h2 class=\"wp-block-heading\">Vilka \u00e4r vi?<\/h2>\n\n<p><strong class=\"privacy-policy-tutorial\">F\u00f6reslagen text: <\/strong>V\u00e5r webbplatsadress \u00e4r: https:\/\/fika.paris.<\/p>\n\n<h2 class=\"wp-block-heading\">Kommentarer<\/h2>\n\n<p><strong class=\"privacy-policy-tutorial\">F\u00f6reslagen text: <\/strong>N\u00e4r du l\u00e4mnar en kommentar p\u00e5 v\u00e5r webbplats samlas de uppgifter som anges i kommentarsformul\u00e4ret, samt din IP-adress och din webbl\u00e4sares anv\u00e4ndaragent, in f\u00f6r att hj\u00e4lpa oss att uppt\u00e4cka skr\u00e4pkommentarer.<\/p>\n\n<p>En anonymiserad str\u00e4ng som skapats fr\u00e5n din e-postadress (\u00e4ven kallad hash) kan skickas till Gravatar-tj\u00e4nsten f\u00f6r att kontrollera om du anv\u00e4nder den. Gravatars sekretesspolicy finns h\u00e4r: https:\/\/automattic.com\/privacy\/. Efter godk\u00e4nnande av din kommentar kommer din profilbild att vara synlig offentligt bredvid din kommentar.<\/p>\n\n<h2 class=\"wp-block-heading\">Media<\/h2>\n\n<p><strong class=\"privacy-policy-tutorial\">F\u00f6reslagen text: <\/strong>Om du laddar upp bilder till webbplatsen rekommenderar vi att du undviker att ladda upp bilder som inneh\u00e5ller EXIF-data med GPS-koordinater. Personer som bes\u00f6ker din webbplats kan ladda ner och extrahera platsdata fr\u00e5n dessa bilder.<\/p>\n\n<h2 class=\"wp-block-heading\">Cookies<\/h2>\n\n<p><strong class=\"privacy-policy-tutorial\">F\u00f6reslagen text: <\/strong>Om du l\u00e4mnar en kommentar p\u00e5 v\u00e5r webbplats kommer du att erbjudas att spara ditt namn, din e-postadress och din webbplats i cookies. Detta \u00e4r bara f\u00f6r din bekv\u00e4mlighet s\u00e5 att du inte beh\u00f6ver ange denna information om du l\u00e4mnar en annan kommentar senare. Dessa cookies upph\u00f6r att g\u00e4lla efter ett \u00e5r.<\/p>\n\n<p>Om du g\u00e5r till inloggningssidan kommer en tillf\u00e4llig cookie att skapas f\u00f6r att avg\u00f6ra om din webbl\u00e4sare accepterar cookies. Den inneh\u00e5ller inga personuppgifter och raderas automatiskt n\u00e4r du st\u00e4nger din webbl\u00e4sare.<\/p>\n\n<p>N\u00e4r du loggar in kommer vi att skapa ett antal cookies f\u00f6r att spara din inloggningsinformation och dina sk\u00e4rmpreferenser. Livsl\u00e4ngden f\u00f6r en inloggningscookie \u00e4r tv\u00e5 dagar, livsl\u00e4ngden f\u00f6r en cookie f\u00f6r sk\u00e4rmalternativ \u00e4r ett \u00e5r. Om du markerar &#8221;Kom ih\u00e5g mig&#8221; kommer din inloggningscookie att sparas i tv\u00e5 veckor. Om du loggar ut fr\u00e5n ditt konto kommer inloggningscookien att raderas.<\/p>\n\n<p>Genom att \u00e4ndra eller publicera ett inl\u00e4gg kommer en ytterligare cookie att sparas i din webbl\u00e4sare. Denna cookie inneh\u00e5ller inga personuppgifter. Den indikerar helt enkelt ID:t f\u00f6r inl\u00e4gget du just redigerade. Den upph\u00f6r att g\u00e4lla efter en dag.<\/p>\n\n<h2 class=\"wp-block-heading\">Inb\u00e4ddat inneh\u00e5ll fr\u00e5n andra webbplatser<\/h2>\n\n<p><strong class=\"privacy-policy-tutorial\">F\u00f6reslagen text: <\/strong>Artiklar p\u00e5 denna webbplats kan inneh\u00e5lla inb\u00e4ddat inneh\u00e5ll (t.ex. videor, bilder, artiklar&#8230;). Inb\u00e4ddat inneh\u00e5ll fr\u00e5n andra webbplatser beter sig p\u00e5 samma s\u00e4tt som om bes\u00f6karen bes\u00f6kte den andra webbplatsen.<\/p>\n\n<p>Dessa webbplatser kan samla in data om dig, anv\u00e4nda cookies, b\u00e4dda in sp\u00e5rningsverktyg fr\u00e5n tredje part och sp\u00e5ra dina interaktioner med detta inb\u00e4ddade inneh\u00e5ll om du har ett anslutet konto p\u00e5 deras webbplats.<\/p>\n\n<h2 class=\"wp-block-heading\">Anv\u00e4ndning och \u00f6verf\u00f6ring av dina personuppgifter<\/h2>\n\n<p><strong class=\"privacy-policy-tutorial\">F\u00f6reslagen text: <\/strong>Om du beg\u00e4r en \u00e5terst\u00e4llning av ditt l\u00f6senord kommer din IP-adress att inkluderas i e-postmeddelandet f\u00f6r \u00e5terst\u00e4llning.<\/p>\n\n<h2 class=\"wp-block-heading\">Lagringstider f\u00f6r dina uppgifter<\/h2>\n\n<p><strong class=\"privacy-policy-tutorial\">F\u00f6reslagen text: <\/strong>Om du l\u00e4mnar en kommentar sparas kommentaren och dess metadata p\u00e5 obest\u00e4md tid. Detta f\u00f6r att automatiskt k\u00e4nna igen och godk\u00e4nna efterf\u00f6ljande kommentarer ist\u00e4llet f\u00f6r att l\u00e4mna dem i modereringsk\u00f6n.<\/p>\n\n<p>F\u00f6r konton som registrerar sig p\u00e5 v\u00e5r webbplats (om till\u00e4mpligt) lagrar vi ocks\u00e5 de personuppgifter som anges i deras profil. Alla konton kan se, \u00e4ndra eller ta bort sin personliga information n\u00e4r som helst (f\u00f6rutom sitt anv\u00e4ndarnamn). Webbplatsens administrat\u00f6rer kan ocks\u00e5 se och \u00e4ndra denna information.<\/p>\n\n<h2 class=\"wp-block-heading\">De r\u00e4ttigheter du har \u00f6ver dina uppgifter<\/h2>\n\n<p><strong class=\"privacy-policy-tutorial\">F\u00f6reslagen text: <\/strong>Om du har ett konto eller om du har l\u00e4mnat kommentarer p\u00e5 webbplatsen kan du beg\u00e4ra att f\u00e5 en fil som inneh\u00e5ller alla personuppgifter vi har om dig, inklusive de du har l\u00e4mnat till oss. Du kan ocks\u00e5 beg\u00e4ra att de personuppgifter som r\u00f6r dig raderas. Detta tar inte h\u00e4nsyn till uppgifter som lagras f\u00f6r administrativa, juridiska eller s\u00e4kerhetsm\u00e4ssiga \u00e4ndam\u00e5l.<\/p>\n\n<h2 class=\"wp-block-heading\">Vart dina uppgifter skickas<\/h2>\n\n<p><strong class=\"privacy-policy-tutorial\">F\u00f6reslagen text: <\/strong>Bes\u00f6karnas kommentarer kan kontrolleras med hj\u00e4lp av en automatiserad tj\u00e4nst f\u00f6r att uppt\u00e4cka skr\u00e4pkommentarer.<\/p>\n","protected":false},"excerpt":{"rendered":"<p>Vilka \u00e4r vi? F\u00f6reslagen text: V\u00e5r webbplatsadress \u00e4r: https:\/\/fika.paris. Kommentarer F\u00f6reslagen text: N\u00e4r du l\u00e4mnar en kommentar p\u00e5 v\u00e5r webbplats samlas de uppgifter som anges i kommentarsformul\u00e4ret, samt din IP-adress och din webbl\u00e4sares anv\u00e4ndaragent, in f\u00f6r att hj\u00e4lpa oss att uppt\u00e4cka skr\u00e4pkommentarer. En anonymiserad str\u00e4ng som skapats fr\u00e5n din e-postadress (\u00e4ven kallad hash) kan skickas [&hellip;]<\/p>\n","protected":false},"author":1,"featured_media":0,"parent":0,"menu_order":0,"comment_status":"closed","ping_status":"open","template":"","meta":{"footnotes":""},"class_list":["post-1116","page","type-page","status-publish","hentry"],"yoast_head":"<!-- This site is optimized with the Yoast SEO plugin v27.4 - https:\/\/yoast.com\/product\/yoast-seo-wordpress\/ -->\n<title>Integritetspolicy - Fika Paris<\/title>\n<meta name=\"robots\" content=\"index, follow, max-snippet:-1, max-image-preview:large, max-video-preview:-1\" \/>\n<link rel=\"canonical\" href=\"https:\/\/fika.paris\/sv\/integritetspolicy\/\" \/>\n<meta property=\"og:locale\" content=\"sv_SE\" \/>\n<meta property=\"og:type\" content=\"article\" \/>\n<meta property=\"og:title\" content=\"Integritetspolicy - Fika Paris\" \/>\n<meta property=\"og:description\" content=\"Vilka \u00e4r vi? F\u00f6reslagen text: V\u00e5r webbplatsadress \u00e4r: https:\/\/fika.paris. Kommentarer F\u00f6reslagen text: N\u00e4r du l\u00e4mnar en kommentar p\u00e5 v\u00e5r webbplats samlas de uppgifter som anges i kommentarsformul\u00e4ret, samt din IP-adress och din webbl\u00e4sares anv\u00e4ndaragent, in f\u00f6r att hj\u00e4lpa oss att uppt\u00e4cka skr\u00e4pkommentarer. En anonymiserad str\u00e4ng som skapats fr\u00e5n din e-postadress (\u00e4ven kallad hash) kan skickas [&hellip;]\" \/>\n<meta property=\"og:url\" content=\"https:\/\/fika.paris\/sv\/integritetspolicy\/\" \/>\n<meta property=\"og:site_name\" content=\"Fika Paris\" \/>\n<meta property=\"article:modified_time\" content=\"2026-01-21T10:27:47+00:00\" \/>\n<meta name=\"twitter:card\" content=\"summary_large_image\" \/>\n<meta name=\"twitter:label1\" content=\"Ber\u00e4knad l\u00e4stid\" \/>\n\t<meta name=\"twitter:data1\" content=\"4 minuter\" \/>\n<script type=\"application\/ld+json\" class=\"yoast-schema-graph\">{\"@context\":\"https:\\\/\\\/schema.org\",\"@graph\":[{\"@type\":\"WebPage\",\"@id\":\"https:\\\/\\\/fika.paris\\\/sv\\\/integritetspolicy\\\/\",\"url\":\"https:\\\/\\\/fika.paris\\\/sv\\\/integritetspolicy\\\/\",\"name\":\"Integritetspolicy - Fika Paris\",\"isPartOf\":{\"@id\":\"https:\\\/\\\/fika.paris\\\/sv\\\/#website\"},\"datePublished\":\"2025-09-30T07:51:58+00:00\",\"dateModified\":\"2026-01-21T10:27:47+00:00\",\"breadcrumb\":{\"@id\":\"https:\\\/\\\/fika.paris\\\/sv\\\/integritetspolicy\\\/#breadcrumb\"},\"inLanguage\":\"sv-SE\",\"potentialAction\":[{\"@type\":\"ReadAction\",\"target\":[\"https:\\\/\\\/fika.paris\\\/sv\\\/integritetspolicy\\\/\"]}]},{\"@type\":\"BreadcrumbList\",\"@id\":\"https:\\\/\\\/fika.paris\\\/sv\\\/integritetspolicy\\\/#breadcrumb\",\"itemListElement\":[{\"@type\":\"ListItem\",\"position\":1,\"name\":\"Accueil\",\"item\":\"https:\\\/\\\/fika.paris\\\/sv\\\/en-liten-smak-av-sverige-i-paris\\\/\"},{\"@type\":\"ListItem\",\"position\":2,\"name\":\"Integritetspolicy\"}]},{\"@type\":\"WebSite\",\"@id\":\"https:\\\/\\\/fika.paris\\\/sv\\\/#website\",\"url\":\"https:\\\/\\\/fika.paris\\\/sv\\\/\",\"name\":\"Fika Paris\",\"description\":\"Un petit g\u00f4ut de Su\u00e8de \u00e0 Paris\",\"publisher\":{\"@id\":\"https:\\\/\\\/fika.paris\\\/sv\\\/#organization\"},\"potentialAction\":[{\"@type\":\"SearchAction\",\"target\":{\"@type\":\"EntryPoint\",\"urlTemplate\":\"https:\\\/\\\/fika.paris\\\/sv\\\/?s={search_term_string}\"},\"query-input\":{\"@type\":\"PropertyValueSpecification\",\"valueRequired\":true,\"valueName\":\"search_term_string\"}}],\"inLanguage\":\"sv-SE\"},{\"@type\":\"Organization\",\"@id\":\"https:\\\/\\\/fika.paris\\\/sv\\\/#organization\",\"name\":\"Fika Paris\",\"url\":\"https:\\\/\\\/fika.paris\\\/sv\\\/\",\"logo\":{\"@type\":\"ImageObject\",\"inLanguage\":\"sv-SE\",\"@id\":\"https:\\\/\\\/fika.paris\\\/sv\\\/#\\\/schema\\\/logo\\\/image\\\/\",\"url\":\"https:\\\/\\\/fika.paris\\\/wp-content\\\/uploads\\\/2025\\\/09\\\/cropped-logofika_detoure-scaled-1.png\",\"contentUrl\":\"https:\\\/\\\/fika.paris\\\/wp-content\\\/uploads\\\/2025\\\/09\\\/cropped-logofika_detoure-scaled-1.png\",\"width\":2273,\"height\":953,\"caption\":\"Fika Paris\"},\"image\":{\"@id\":\"https:\\\/\\\/fika.paris\\\/sv\\\/#\\\/schema\\\/logo\\\/image\\\/\"}}]}<\/script>\n<!-- \/ Yoast SEO plugin. -->","yoast_head_json":{"title":"Integritetspolicy - Fika Paris","robots":{"index":"index","follow":"follow","max-snippet":"max-snippet:-1","max-image-preview":"max-image-preview:large","max-video-preview":"max-video-preview:-1"},"canonical":"https:\/\/fika.paris\/sv\/integritetspolicy\/","og_locale":"sv_SE","og_type":"article","og_title":"Integritetspolicy - Fika Paris","og_description":"Vilka \u00e4r vi? F\u00f6reslagen text: V\u00e5r webbplatsadress \u00e4r: https:\/\/fika.paris. Kommentarer F\u00f6reslagen text: N\u00e4r du l\u00e4mnar en kommentar p\u00e5 v\u00e5r webbplats samlas de uppgifter som anges i kommentarsformul\u00e4ret, samt din IP-adress och din webbl\u00e4sares anv\u00e4ndaragent, in f\u00f6r att hj\u00e4lpa oss att uppt\u00e4cka skr\u00e4pkommentarer. En anonymiserad str\u00e4ng som skapats fr\u00e5n din e-postadress (\u00e4ven kallad hash) kan skickas [&hellip;]","og_url":"https:\/\/fika.paris\/sv\/integritetspolicy\/","og_site_name":"Fika Paris","article_modified_time":"2026-01-21T10:27:47+00:00","twitter_card":"summary_large_image","twitter_misc":{"Ber\u00e4knad l\u00e4stid":"4 minuter"},"schema":{"@context":"https:\/\/schema.org","@graph":[{"@type":"WebPage","@id":"https:\/\/fika.paris\/sv\/integritetspolicy\/","url":"https:\/\/fika.paris\/sv\/integritetspolicy\/","name":"Integritetspolicy - Fika Paris","isPartOf":{"@id":"https:\/\/fika.paris\/sv\/#website"},"datePublished":"2025-09-30T07:51:58+00:00","dateModified":"2026-01-21T10:27:47+00:00","breadcrumb":{"@id":"https:\/\/fika.paris\/sv\/integritetspolicy\/#breadcrumb"},"inLanguage":"sv-SE","potentialAction":[{"@type":"ReadAction","target":["https:\/\/fika.paris\/sv\/integritetspolicy\/"]}]},{"@type":"BreadcrumbList","@id":"https:\/\/fika.paris\/sv\/integritetspolicy\/#breadcrumb","itemListElement":[{"@type":"ListItem","position":1,"name":"Accueil","item":"https:\/\/fika.paris\/sv\/en-liten-smak-av-sverige-i-paris\/"},{"@type":"ListItem","position":2,"name":"Integritetspolicy"}]},{"@type":"WebSite","@id":"https:\/\/fika.paris\/sv\/#website","url":"https:\/\/fika.paris\/sv\/","name":"Fika Paris","description":"Un petit g\u00f4ut de Su\u00e8de \u00e0 Paris","publisher":{"@id":"https:\/\/fika.paris\/sv\/#organization"},"potentialAction":[{"@type":"SearchAction","target":{"@type":"EntryPoint","urlTemplate":"https:\/\/fika.paris\/sv\/?s={search_term_string}"},"query-input":{"@type":"PropertyValueSpecification","valueRequired":true,"valueName":"search_term_string"}}],"inLanguage":"sv-SE"},{"@type":"Organization","@id":"https:\/\/fika.paris\/sv\/#organization","name":"Fika Paris","url":"https:\/\/fika.paris\/sv\/","logo":{"@type":"ImageObject","inLanguage":"sv-SE","@id":"https:\/\/fika.paris\/sv\/#\/schema\/logo\/image\/","url":"https:\/\/fika.paris\/wp-content\/uploads\/2025\/09\/cropped-logofika_detoure-scaled-1.png","contentUrl":"https:\/\/fika.paris\/wp-content\/uploads\/2025\/09\/cropped-logofika_detoure-scaled-1.png","width":2273,"height":953,"caption":"Fika Paris"},"image":{"@id":"https:\/\/fika.paris\/sv\/#\/schema\/logo\/image\/"}}]}},"_links":{"self":[{"href":"https:\/\/fika.paris\/sv\/wp-json\/wp\/v2\/pages\/1116","targetHints":{"allow":["GET"]}}],"collection":[{"href":"https:\/\/fika.paris\/sv\/wp-json\/wp\/v2\/pages"}],"about":[{"href":"https:\/\/fika.paris\/sv\/wp-json\/wp\/v2\/types\/page"}],"author":[{"embeddable":true,"href":"https:\/\/fika.paris\/sv\/wp-json\/wp\/v2\/users\/1"}],"replies":[{"embeddable":true,"href":"https:\/\/fika.paris\/sv\/wp-json\/wp\/v2\/comments?post=1116"}],"version-history":[{"count":1,"href":"https:\/\/fika.paris\/sv\/wp-json\/wp\/v2\/pages\/1116\/revisions"}],"predecessor-version":[{"id":1117,"href":"https:\/\/fika.paris\/sv\/wp-json\/wp\/v2\/pages\/1116\/revisions\/1117"}],"wp:attachment":[{"href":"https:\/\/fika.paris\/sv\/wp-json\/wp\/v2\/media?parent=1116"}],"curies":[{"name":"wp","href":"https:\/\/api.w.org\/{rel}","templated":true}]}}